{"id":15784,"date":"2016-09-19T08:49:36","date_gmt":"2016-09-19T07:49:36","guid":{"rendered":"http:\/\/sven-ove.nu\/?page_id=15784"},"modified":"2016-09-19T08:49:36","modified_gmt":"2016-09-19T07:49:36","slug":"det-ar-ingen-skillnad-i-dag","status":"publish","type":"page","link":"https:\/\/sven-ove.nu\/?page_id=15784","title":{"rendered":"Det \u00e4r ingen skillnad i dag"},"content":{"rendered":"<p><em>(Kr\u00f6nika f\u00f6r Konsum V\u00e4rmland, tryckt f\u00f6r utdelning 18-19 september 2016).<\/em><\/p>\n<p><a href=\"https:\/\/sven-ove.nu\/wp-content\/uploads\/2016\/09\/KV-3.jpg\"><img loading=\"lazy\" decoding=\"async\" class=\"size-large wp-image-15787 alignright\" src=\"https:\/\/sven-ove.nu\/wp-content\/uploads\/2016\/09\/KV-3-1024x901.jpg\" alt=\"kv-3\" width=\"660\" height=\"581\" srcset=\"https:\/\/sven-ove.nu\/wp-content\/uploads\/2016\/09\/KV-3-1024x901.jpg 1024w, https:\/\/sven-ove.nu\/wp-content\/uploads\/2016\/09\/KV-3-300x264.jpg 300w, https:\/\/sven-ove.nu\/wp-content\/uploads\/2016\/09\/KV-3.jpg 1272w\" sizes=\"auto, (max-width: 660px) 100vw, 660px\" \/><\/a><\/p>\n<p>Jag vet hur det \u00e4r med \u00e4gandet, men tack ni som p\u00e5pekat det. Vi \u00e4r inte bara kunder hos Konsum V\u00e4rmland, vi \u00e4ger firman ocks\u00e5. Absolut. Det \u00e4gandet \u00e4r jag glad \u00f6ver, vi gjorde ett val n\u00e4r vi gick med. En solidaritetshandling om du s\u00e5 vill. Detta \u00e4r mina hyllor, t\u00e4nker jag ibland n\u00e4r jag vandrar mellan filmj\u00f6lken och kaffet. Min butik.<\/p>\n<p>Det \u00e4r l\u00e4tt att gilla v\u00e5rt k\u00f4ppra i Forshaga. Kul att sl\u00e4nga k\u00e4ft med den gode aff\u00e4rsmannen Staffan Fridh. Han \u00e4r inte bara stor konsumprofil, han \u00e4r uppskattad lokalhistoriker ocks\u00e5. F\u00f6lj honom p\u00e5 Facebook, du kommer att l\u00e4ra dig mycket om Dejes idrottsm\u00e4n och arbetsplatser genom tiderna.<\/p>\n<p>Ronny i charkdisken tycker ocks\u00e5 om att k\u00e4fta emot mig som \u00e4gare. Det g\u00f6r han r\u00e4tt i, f\u00f6r d\u00e5 blir stunderna roligare n\u00e4r han ska v\u00e4ga upp min v\u00e4stkustsallad, eller \u201dklet\u201d som vi s\u00e4ger i familjen. De \u00e4r kloka psykologer v\u00e5ra v\u00e4nner, de ser mycket v\u00e4l vem de t\u00f6rs skoja med. Den kunskapen \u00e4r det fler \u00e4n Ronny och Staffan som har i butiken, tack f\u00f6r det.<\/p>\n<p>Jag \u00e4r stolt \u00f6ver att \u00e4ga min del av den kooperativa r\u00f6relsen i l\u00e4net. Gudarna ska veta att v\u00e5r familj inte appl\u00e5derar allt som Konsum V\u00e4rmland gjort genom \u00e5ren, men det \u00e5terkommer jag till.<\/p>\n<p>De visste vad de gjorde, pionj\u00e4rerna i Nykroppa, n\u00e4r de startade den f\u00f6rsta Konsumf\u00f6reningen i l\u00e4net. Dem hade jag g\u00e4rna pratat med. D\u00e4r f\u00f6rstod de hur viktigt det var att ta skaffa inflytande \u00f6ver livsmedelshandeln p\u00e5 orten. Vi kan sj\u00e4lva, s\u00e5 m\u00e5ste de ha t\u00e4nkt.<\/p>\n<p>Det \u00e4r ingen skillnad i dag.<\/p>\n<p><em># \u00c5r 1903 gick 84 medlemmar samman i Nykroppa och bildade V\u00e4rmlands f\u00f6rsta Konsumf\u00f6rening.<br \/>\n<\/em><em># \u00c5r 1966 gick en rad f\u00f6reningar i l\u00e4net ihop och bildade Konsum V\u00e4rmland.<br \/>\n<\/em><em># Grattis till oss alla, den f\u00f6reningen ska vi vara r\u00e4dda om. Vi kan sj\u00e4lva.<\/em><\/p>\n<p style=\"text-align: right;\"><em><strong>Sven-Ove Svensson<\/strong><br \/>\n<\/em>Kr\u00f6nik\u00f6r, Forshaga, driver bloggen bloggen Svenssons sl\u00e4ng (<a href=\"https:\/\/sven-ove.nu\/\">https:\/\/sven-ove.nu<\/a>).<\/p>\n<p style=\"text-align: right;\"><span style=\"color: #0000ff;\"><a style=\"color: #0000ff;\" href=\"https:\/\/sven-ove.nu\/\">Hem<\/a><\/span>\u00a0|\u00a0<span style=\"color: #0000ff;\"><a style=\"color: #0000ff;\" href=\"https:\/\/sven-ove.nu\/?page_id=170\">Om mig<\/a><\/span>\u00a0|\u00a0<span style=\"color: #0000ff;\"><a style=\"color: #0000ff;\" href=\"https:\/\/sven-ove.nu\/?page_id=1385\">Skriva &amp; prata<\/a><\/span>\u00a0|\u00a0<span style=\"color: #0000ff;\"><a style=\"color: #0000ff;\" href=\"https:\/\/sven-ove.nu\/?page_id=100\">Politik<\/a><\/span>\u00a0|\u00a0<span style=\"color: #0000ff;\"><a style=\"color: #0000ff;\" href=\"https:\/\/sven-ove.nu\/?page_id=102\">L\u00f6pa<\/a><\/span>\u00a0|\u00a0<span style=\"color: #0000ff;\"><a style=\"color: #0000ff;\" href=\"https:\/\/sven-ove.nu\/?page_id=108\">Viktor Root<\/a><\/span><\/p>\n","protected":false},"excerpt":{"rendered":"<p>(Kr\u00f6nika f\u00f6r Konsum V\u00e4rmland, tryckt f\u00f6r utdelning 18-19 september 2016). Jag vet hur det \u00e4r med \u00e4gandet, men tack ni som p\u00e5pekat det. Vi \u00e4r inte bara kunder hos Konsum V\u00e4rmland, vi \u00e4ger firman ocks\u00e5. Absolut. Det \u00e4gandet \u00e4r jag glad \u00f6ver, vi gjorde ett val n\u00e4r vi gick med. En solidaritetshandling om du s\u00e5 &hellip; <a href=\"https:\/\/sven-ove.nu\/?page_id=15784\" class=\"more-link\">Forts\u00e4tt l\u00e4sa <span class=\"screen-reader-text\">Det \u00e4r ingen skillnad i dag<\/span><\/a><\/p>\n","protected":false},"author":1,"featured_media":0,"parent":15638,"menu_order":0,"comment_status":"closed","ping_status":"closed","template":"","meta":{"_crdt_document":"","_monsterinsights_skip_tracking":false,"_monsterinsights_sitenote_active":false,"_monsterinsights_sitenote_note":"","_monsterinsights_sitenote_category":0,"footnotes":""},"class_list":["post-15784","page","type-page","status-publish","hentry"],"_links":{"self":[{"href":"https:\/\/sven-ove.nu\/index.php?rest_route=\/wp\/v2\/pages\/15784","targetHints":{"allow":["GET"]}}],"collection":[{"href":"https:\/\/sven-ove.nu\/index.php?rest_route=\/wp\/v2\/pages"}],"about":[{"href":"https:\/\/sven-ove.nu\/index.php?rest_route=\/wp\/v2\/types\/page"}],"author":[{"embeddable":true,"href":"https:\/\/sven-ove.nu\/index.php?rest_route=\/wp\/v2\/users\/1"}],"replies":[{"embeddable":true,"href":"https:\/\/sven-ove.nu\/index.php?rest_route=%2Fwp%2Fv2%2Fcomments&post=15784"}],"version-history":[{"count":4,"href":"https:\/\/sven-ove.nu\/index.php?rest_route=\/wp\/v2\/pages\/15784\/revisions"}],"predecessor-version":[{"id":15789,"href":"https:\/\/sven-ove.nu\/index.php?rest_route=\/wp\/v2\/pages\/15784\/revisions\/15789"}],"up":[{"embeddable":true,"href":"https:\/\/sven-ove.nu\/index.php?rest_route=\/wp\/v2\/pages\/15638"}],"wp:attachment":[{"href":"https:\/\/sven-ove.nu\/index.php?rest_route=%2Fwp%2Fv2%2Fmedia&parent=15784"}],"curies":[{"name":"wp","href":"https:\/\/api.w.org\/{rel}","templated":true}]}}