{"id":15850,"date":"2016-09-26T06:14:15","date_gmt":"2016-09-26T05:14:15","guid":{"rendered":"http:\/\/sven-ove.nu\/?page_id=15850"},"modified":"2016-09-26T06:20:13","modified_gmt":"2016-09-26T05:20:13","slug":"hur-skulle-det-se-ut-sa-bertil","status":"publish","type":"page","link":"https:\/\/sven-ove.nu\/?page_id=15850","title":{"rendered":"Hur skulle det se ut, sa Bertil"},"content":{"rendered":"<p><em>(Kr\u00f6nika f\u00f6r Konsum V\u00e4rmland, tryckt f\u00f6r utdelning 25-26 september 2016).<\/em><\/p>\n<p><a href=\"https:\/\/sven-ove.nu\/wp-content\/uploads\/2016\/09\/KV-Bertil-J.jpg\"><img loading=\"lazy\" decoding=\"async\" class=\"size-medium wp-image-15852 alignnone\" src=\"https:\/\/sven-ove.nu\/wp-content\/uploads\/2016\/09\/KV-Bertil-J-300x208.jpg\" alt=\"kv-bertil-j\" width=\"300\" height=\"208\" srcset=\"https:\/\/sven-ove.nu\/wp-content\/uploads\/2016\/09\/KV-Bertil-J-300x208.jpg 300w, https:\/\/sven-ove.nu\/wp-content\/uploads\/2016\/09\/KV-Bertil-J.jpg 688w\" sizes=\"auto, (max-width: 300px) 100vw, 300px\" \/><\/a><\/p>\n<p>&#8211; Nej, sa Bertil Jonasson, d\u00e4r kan vi int\u2019 \u00e4t\u2019.<br \/>\n&#8211; Varf\u00f6r inte? De har bra mat.<br \/>\n&#8211; Det f\u00f6rst\u00e5r ne v\u00e4l. T\u00e4nk om NWT ser mej.<\/p>\n<p>Han var eksh\u00e4ring och riksdagsman f\u00f6r centerpartiet, en legend. Dessutom styrelseordf\u00f6rande f\u00f6r tidningen V\u00e4rmlandsbygden, d\u00e4r Sven \u00c5rn\u00e4s var chefredakt\u00f6r och jag reporter. Nu hade de tv\u00e5 h\u00e5llit m\u00f6te och Sven ville bjuda Bertil och mig p\u00e5 lunch.<\/p>\n<p>Mir\u00f3, f\u00f6reslog Sven, fast den gamle protesterade. Forna tiders bondef\u00f6rbundare handlade inte p\u00e5 k\u00f4ppra och \u00e5t inte p\u00e5 Domus, n\u00e5n kunde se det.<\/p>\n<p>I dag \u2013 \u00e4r Konsum V\u00e4rmland den kedja som har flest butiker p\u00e5 v\u00e4rml\u00e4ndsk landsbygd, s\u00e4ger man mig. Det gl\u00e4der en yngling, uppv\u00e4xt vid en grusv\u00e4g och med en far som var ombud i byn f\u00f6r just V\u00e4rmlandsbygden. N\u00e4r Konsum V\u00e4rmland f\u00f6rnyade styrelsen h\u00e4rom \u00e5ret, blev Erik A Eriksson en av de nya som valdes in. Erik fr\u00e5n Avelsbol har b\u00e5de mj\u00f6lkat kor och suttit i riksdagen f\u00f6r centerpartiet, men har aldrig setts skygga f\u00f6r en Konsumskylt. Tiderna f\u00f6r\u00e4ndras och Konsum har ju alltid varit politiskt neutralt.<\/p>\n<p>Hur det gick f\u00f6r Bertil Jonasson? Var det n\u00e5gon NWT-reporter som s\u00e5g honom n\u00e4r vi klev in p\u00e5 restaurang Mir\u00f3 i gamla Domusvaruhuset i Karlstad f\u00f6r att f\u00e5 oss en matbit?<\/p>\n<p>F\u00f6r all del. Fem stycken. De hade stambord d\u00e4r.<\/p>\n<p><em><strong>###<\/strong> Restaurang Mir\u00f3 i gamla Domusvaruhuset fick sitt namn av den avl\u00e5nga tavlan man k\u00f6pt f\u00f6r en billig penning. Mer om den i n\u00e4sta betraktelse.<br \/>\n<\/em><em><strong>###<\/strong> NWT-reportrarna h\u00f6jde inte ett \u00f6gonbryn n\u00e4r den gamle och vi slog oss ner vid bordet bredvid.<br \/>\n<\/em><em><strong>###<\/strong> Jag tror att de ocks\u00e5 gillade Bertil.<\/em><\/p>\n<p style=\"text-align: right;\"><em><strong>Sven-Ove Svensson<\/strong><br \/>\n<\/em>Kr\u00f6nik\u00f6r, Forshaga, driver bloggen bloggen Svenssons sl\u00e4ng (<a href=\"https:\/\/sven-ove.nu\/\">https:\/\/sven-ove.nu<\/a>).<\/p>\n<p style=\"text-align: right;\"><span style=\"color: #0000ff;\"><a style=\"color: #0000ff;\" href=\"https:\/\/sven-ove.nu\/\">Hem<\/a><\/span>\u00a0|\u00a0<span style=\"color: #0000ff;\"><a style=\"color: #0000ff;\" href=\"https:\/\/sven-ove.nu\/?page_id=170\">Om mig<\/a><\/span>\u00a0|\u00a0<span style=\"color: #0000ff;\"><a style=\"color: #0000ff;\" href=\"https:\/\/sven-ove.nu\/?page_id=1385\">Skriva &amp; prata<\/a><\/span>\u00a0|\u00a0<span style=\"color: #0000ff;\"><a style=\"color: #0000ff;\" href=\"https:\/\/sven-ove.nu\/?page_id=100\">Politik<\/a><\/span>\u00a0|\u00a0<span style=\"color: #0000ff;\"><a style=\"color: #0000ff;\" href=\"https:\/\/sven-ove.nu\/?page_id=102\">L\u00f6pa<\/a><\/span>\u00a0|\u00a0<span style=\"color: #0000ff;\"><a style=\"color: #0000ff;\" href=\"https:\/\/sven-ove.nu\/?page_id=108\">Viktor Root<\/a><\/span><\/p>\n","protected":false},"excerpt":{"rendered":"<p>(Kr\u00f6nika f\u00f6r Konsum V\u00e4rmland, tryckt f\u00f6r utdelning 25-26 september 2016). &#8211; Nej, sa Bertil Jonasson, d\u00e4r kan vi int\u2019 \u00e4t\u2019. &#8211; Varf\u00f6r inte? De har bra mat. &#8211; Det f\u00f6rst\u00e5r ne v\u00e4l. T\u00e4nk om NWT ser mej. Han var eksh\u00e4ring och riksdagsman f\u00f6r centerpartiet, en legend. Dessutom styrelseordf\u00f6rande f\u00f6r tidningen V\u00e4rmlandsbygden, d\u00e4r Sven \u00c5rn\u00e4s var &hellip; <a href=\"https:\/\/sven-ove.nu\/?page_id=15850\" class=\"more-link\">Forts\u00e4tt l\u00e4sa <span class=\"screen-reader-text\">Hur skulle det se ut, sa Bertil<\/span><\/a><\/p>\n","protected":false},"author":1,"featured_media":0,"parent":15638,"menu_order":0,"comment_status":"closed","ping_status":"closed","template":"","meta":{"_crdt_document":"","_monsterinsights_skip_tracking":false,"_monsterinsights_sitenote_active":false,"_monsterinsights_sitenote_note":"","_monsterinsights_sitenote_category":0,"footnotes":""},"class_list":["post-15850","page","type-page","status-publish","hentry"],"_links":{"self":[{"href":"https:\/\/sven-ove.nu\/index.php?rest_route=\/wp\/v2\/pages\/15850","targetHints":{"allow":["GET"]}}],"collection":[{"href":"https:\/\/sven-ove.nu\/index.php?rest_route=\/wp\/v2\/pages"}],"about":[{"href":"https:\/\/sven-ove.nu\/index.php?rest_route=\/wp\/v2\/types\/page"}],"author":[{"embeddable":true,"href":"https:\/\/sven-ove.nu\/index.php?rest_route=\/wp\/v2\/users\/1"}],"replies":[{"embeddable":true,"href":"https:\/\/sven-ove.nu\/index.php?rest_route=%2Fwp%2Fv2%2Fcomments&post=15850"}],"version-history":[{"count":5,"href":"https:\/\/sven-ove.nu\/index.php?rest_route=\/wp\/v2\/pages\/15850\/revisions"}],"predecessor-version":[{"id":15857,"href":"https:\/\/sven-ove.nu\/index.php?rest_route=\/wp\/v2\/pages\/15850\/revisions\/15857"}],"up":[{"embeddable":true,"href":"https:\/\/sven-ove.nu\/index.php?rest_route=\/wp\/v2\/pages\/15638"}],"wp:attachment":[{"href":"https:\/\/sven-ove.nu\/index.php?rest_route=%2Fwp%2Fv2%2Fmedia&parent=15850"}],"curies":[{"name":"wp","href":"https:\/\/api.w.org\/{rel}","templated":true}]}}