{"id":8466,"date":"2014-03-09T16:28:48","date_gmt":"2014-03-09T15:28:48","guid":{"rendered":"http:\/\/sven-ove.nu\/?page_id=8466"},"modified":"2017-04-18T10:01:28","modified_gmt":"2017-04-18T09:01:28","slug":"loparlardom-nr-118-122","status":"publish","type":"page","link":"https:\/\/sven-ove.nu\/?page_id=8466","title":{"rendered":"L\u00f6parl\u00e4rdom nr 118-122"},"content":{"rendered":"<p>Torsdag, springer p\u00e5 lunchen n\u00e4r vintern tagit omtag. Skorna knarrar friskt mot underlaget, i skogen har fem centimeter nysn\u00f6 m\u00e5lat allting vitt. Kv\u00e4llen innan sprang jag samma stig med tolv f\u00f6rv\u00e5nade dobbar under f\u00f6tterna. Det var n\u00e5gonting som inte st\u00e4mde. Inte var det pannlampans fel att f\u00f6tterna for hit och dit. Vad gjorde jag f\u00f6r fel?<\/p>\n<p style=\"padding-left: 30px;\">Svar: <i>&#8211; Du har inte funderat p\u00e5 om det kan vara l\u00e4rdom 119 som sp\u00f6kar, kamrat Svensson?<\/i><\/p>\n<p><b>L\u00f6parl\u00e4rdom nr 118:<\/b> fjorton (14) gr\u00f6na oliver strax innan l\u00e5ngpasset \u00e4r ingen optimal uppladdning. De brukar b\u00f6rja k\u00f6ra intervall efter 2,8 kilometer. Intervall i backe.<\/p>\n<p><b>L\u00f6parl\u00e4rdom nr 119:<\/b> om folk tycker du \u00e4r opraktisk blir det inte b\u00e4ttre, ifall du s\u00e4tter dobbarna bak och fram p\u00e5 l\u00f6parskorna och ger dig ut.<\/p>\n<p><b>L\u00f6parl\u00e4rdom nr 120:<\/b> en sak som d\u00e4remot \u00e4r bra, \u00e4r att v\u00e4nda reflexerna ut\u00e5t p\u00e5 reflexv\u00e4sten. Har jag h\u00f6rt.<\/p>\n<p><b>L\u00f6parl\u00e4rdom nr 121:<\/b> sj\u00e4lva springningen f\u00e5r du g\u00e4rna utf\u00f6ra b\u00e5de bak- och fram\u00e5t.<\/p>\n<p><b>L\u00f6parl\u00e4rdom nr 122:<\/b> om du sj\u00e4lv \u00e4r vr\u00e5ng n\u00e4r du ger dig ut, \u00e4r du det s\u00e4llan n\u00e4r du kommer hem. Det \u00e4r det som \u00e4r skillnaden mellan en tr\u00e4ningsvillig l\u00f6pare och en introvert v\u00e4st.<\/p>\n<p>Har jag h\u00f6rt.<br \/>\nJas\u00e5 reflexerna in\u00e5t. \u00c4n \u00e4r inte den siste idioten f\u00f6dd.<\/p>\n<p style=\"text-align: right;\"><em><strong><br \/>\nL\u00c4S MER:<br \/>\n<\/strong><span style=\"color: #0000ff;\"><a style=\"color: #0000ff;\" href=\"https:\/\/sven-ove.nu\/?page_id=102\">Meny f\u00f6r alla l\u00f6psidorna<\/a><\/span><\/em><\/p>\n<p style=\"padding-left: 30px;\">\n","protected":false},"excerpt":{"rendered":"<p>Torsdag, springer p\u00e5 lunchen n\u00e4r vintern tagit omtag. Skorna knarrar friskt mot underlaget, i skogen har fem centimeter nysn\u00f6 m\u00e5lat allting vitt. Kv\u00e4llen innan sprang jag samma stig med tolv f\u00f6rv\u00e5nade dobbar under f\u00f6tterna. Det var n\u00e5gonting som inte st\u00e4mde. Inte var det pannlampans fel att f\u00f6tterna for hit och dit. Vad gjorde jag f\u00f6r &hellip; <a href=\"https:\/\/sven-ove.nu\/?page_id=8466\" class=\"more-link\">Forts\u00e4tt l\u00e4sa <span class=\"screen-reader-text\">L\u00f6parl\u00e4rdom nr 118-122<\/span><\/a><\/p>\n","protected":false},"author":1,"featured_media":0,"parent":102,"menu_order":5,"comment_status":"closed","ping_status":"open","template":"","meta":{"_crdt_document":"","_monsterinsights_skip_tracking":false,"_monsterinsights_sitenote_active":false,"_monsterinsights_sitenote_note":"","_monsterinsights_sitenote_category":0,"footnotes":""},"class_list":["post-8466","page","type-page","status-publish","hentry"],"_links":{"self":[{"href":"https:\/\/sven-ove.nu\/index.php?rest_route=\/wp\/v2\/pages\/8466","targetHints":{"allow":["GET"]}}],"collection":[{"href":"https:\/\/sven-ove.nu\/index.php?rest_route=\/wp\/v2\/pages"}],"about":[{"href":"https:\/\/sven-ove.nu\/index.php?rest_route=\/wp\/v2\/types\/page"}],"author":[{"embeddable":true,"href":"https:\/\/sven-ove.nu\/index.php?rest_route=\/wp\/v2\/users\/1"}],"replies":[{"embeddable":true,"href":"https:\/\/sven-ove.nu\/index.php?rest_route=%2Fwp%2Fv2%2Fcomments&post=8466"}],"version-history":[{"count":3,"href":"https:\/\/sven-ove.nu\/index.php?rest_route=\/wp\/v2\/pages\/8466\/revisions"}],"predecessor-version":[{"id":17665,"href":"https:\/\/sven-ove.nu\/index.php?rest_route=\/wp\/v2\/pages\/8466\/revisions\/17665"}],"up":[{"embeddable":true,"href":"https:\/\/sven-ove.nu\/index.php?rest_route=\/wp\/v2\/pages\/102"}],"wp:attachment":[{"href":"https:\/\/sven-ove.nu\/index.php?rest_route=%2Fwp%2Fv2%2Fmedia&parent=8466"}],"curies":[{"name":"wp","href":"https:\/\/api.w.org\/{rel}","templated":true}]}}